{"id":151,"date":"2025-02-28T13:44:43","date_gmt":"2025-02-28T12:44:43","guid":{"rendered":"https:\/\/chateau-vandeleville.com\/?page_id=151"},"modified":"2025-04-05T22:30:51","modified_gmt":"2025-04-05T20:30:51","slug":"histoire","status":"publish","type":"page","link":"https:\/\/chateau-vandeleville.com\/?page_id=151","title":{"rendered":"Histoire"},"content":{"rendered":"<p>[et_pb_section fb_built=\u00a0\u00bb1&Prime; admin_label=\u00a0\u00bbHeader\u00a0\u00bb _builder_version=\u00a0\u00bb4.27.4&Prime; _module_preset=\u00a0\u00bbdefault\u00a0\u00bb background_image=\u00a0\u00bbhttp:\/\/chateau-vandeleville.com\/wp-content\/uploads\/2025\/04\/histoire-header.jpg\u00a0\u00bb custom_padding=\u00a0\u00bb15vw||15vw||true|false\u00a0\u00bb collapsed=\u00a0\u00bbon\u00a0\u00bb global_colors_info=\u00a0\u00bb{%22gcid-9fa4a1b6-767d-41ca-984c-a6f10449c843%22:%91%22background_color_gradient_stops%22%93}\u00a0\u00bb][\/et_pb_section][et_pb_section fb_built=\u00a0\u00bb1&Prime; _builder_version=\u00a0\u00bb4.27.4&Prime; _module_preset=\u00a0\u00bbdefault\u00a0\u00bb background_color=\u00a0\u00bb#E0DAD2&Prime; custom_padding=\u00a0\u00bb0px|||||\u00a0\u00bb global_colors_info=\u00a0\u00bb{}\u00a0\u00bb][et_pb_row _builder_version=\u00a0\u00bb4.20.0&Prime; _module_preset=\u00a0\u00bbdefault\u00a0\u00bb max_width=\u00a0\u00bb800px\u00a0\u00bb global_colors_info=\u00a0\u00bb{}\u00a0\u00bb][et_pb_column type=\u00a0\u00bb4_4&Prime; _builder_version=\u00a0\u00bb4.20.0&Prime; _module_preset=\u00a0\u00bbdefault\u00a0\u00bb global_colors_info=\u00a0\u00bb{}\u00a0\u00bb][et_pb_text _builder_version=\u00a0\u00bb4.27.4&Prime; _module_preset=\u00a0\u00bbdc616c2a-27d0-4b02-a3cb-eb258008ef71&Prime; header_font=\u00a0\u00bb&#8211;et_global_heading_font|||on|||||\u00a0\u00bb header_text_color=\u00a0\u00bb#1E232B\u00a0\u00bb header_font_size=\u00a0\u00bb53px\u00a0\u00bb text_orientation=\u00a0\u00bbcenter\u00a0\u00bb global_colors_info=\u00a0\u00bb{}\u00a0\u00bb]<\/p>\n<h1>Un h\u00e9ritage historique au coeur de la Lorraine<\/h1>\n<p>[\/et_pb_text][\/et_pb_column][\/et_pb_row][\/et_pb_section][et_pb_section fb_built=\u00a0\u00bb1&Prime; admin_label=\u00a0\u00bbAbout\u00a0\u00bb _builder_version=\u00a0\u00bb4.27.4&Prime; _module_preset=\u00a0\u00bbdefault\u00a0\u00bb background_color=\u00a0\u00bbgcid-9fa4a1b6-767d-41ca-984c-a6f10449c843&Prime; custom_padding=\u00a0\u00bb||17px|||\u00a0\u00bb collapsed=\u00a0\u00bbon\u00a0\u00bb global_colors_info=\u00a0\u00bb{%22gcid-2f3f3e09-0a26-4ea7-8906-5e1128945e3f%22:%91%22background_color_gradient_stops%22%93,%22gcid-9fa4a1b6-767d-41ca-984c-a6f10449c843%22:%91%22background_color%22%93}\u00a0\u00bb][et_pb_row _builder_version=\u00a0\u00bb4.27.4&Prime; _module_preset=\u00a0\u00bbdefault\u00a0\u00bb custom_margin=\u00a0\u00bb-10vw||||false|false\u00a0\u00bb global_colors_info=\u00a0\u00bb{}\u00a0\u00bb][et_pb_column type=\u00a0\u00bb4_4&Prime; _builder_version=\u00a0\u00bb4.20.0&Prime; _module_preset=\u00a0\u00bbdefault\u00a0\u00bb global_colors_info=\u00a0\u00bb{}\u00a0\u00bb][et_pb_image src=\u00a0\u00bbhttp:\/\/chateau-vandeleville.com\/wp-content\/uploads\/2025\/04\/histoire-cartepostale.jpg\u00a0\u00bb title_text=\u00a0\u00bbhistoire-cartepostale\u00a0\u00bb _builder_version=\u00a0\u00bb4.27.4&Prime; _module_preset=\u00a0\u00bbdefault\u00a0\u00bb global_colors_info=\u00a0\u00bb{}\u00a0\u00bb][\/et_pb_image][\/et_pb_column][\/et_pb_row][et_pb_row column_structure=\u00a0\u00bb1_2,1_2&Prime; _builder_version=\u00a0\u00bb4.20.0&Prime; _module_preset=\u00a0\u00bbdefault\u00a0\u00bb global_colors_info=\u00a0\u00bb{}\u00a0\u00bb][et_pb_column type=\u00a0\u00bb1_2&Prime; _builder_version=\u00a0\u00bb4.20.0&Prime; _module_preset=\u00a0\u00bbdefault\u00a0\u00bb custom_padding=\u00a0\u00bb6vw||||false|false\u00a0\u00bb custom_padding_tablet=\u00a0\u00bb0vw||||false|false\u00a0\u00bb custom_padding_phone=\u00a0\u00bb0vw||||false|false\u00a0\u00bb custom_padding_last_edited=\u00a0\u00bbon|desktop\u00a0\u00bb global_colors_info=\u00a0\u00bb{}\u00a0\u00bb][et_pb_text _builder_version=\u00a0\u00bb4.27.4&Prime; _module_preset=\u00a0\u00bb59361622-d781-423a-88ab-b6f1e9f41dbf\u00a0\u00bb header_2_font=\u00a0\u00bb&#8211;et_global_heading_font|||on|||||\u00a0\u00bb header_2_text_color=\u00a0\u00bbgcid-11d3dbbb-f6dc-4fb8-929b-9d6994368d00&Prime; custom_margin=\u00a0\u00bb||10px||false|false\u00a0\u00bb global_colors_info=\u00a0\u00bb{%22gcid-11d3dbbb-f6dc-4fb8-929b-9d6994368d00%22:%91%22header_2_text_color%22%93}\u00a0\u00bb]<\/p>\n<h2>Joyau du XVIIIe<\/h2>\n<p>[\/et_pb_text][\/et_pb_column][et_pb_column type=\u00a0\u00bb1_2&Prime; _builder_version=\u00a0\u00bb4.20.0&Prime; _module_preset=\u00a0\u00bbdefault\u00a0\u00bb global_colors_info=\u00a0\u00bb{}\u00a0\u00bb][et_pb_text _builder_version=\u00a0\u00bb4.27.4&Prime; _module_preset=\u00a0\u00bb1f74ffb4-fa2b-4512-8e1f-7a4ece80bf65&Prime; text_text_color=\u00a0\u00bb#FFFFFF\u00a0\u00bb global_colors_info=\u00a0\u00bb{}\u00a0\u00bb]<\/p>\n<p><span>Le <\/span><span>Ch\u00e2teau de Vandel\u00e9ville<\/span><span>, joyau de Meurthe-et-Moselle du XVIII\u1d49 si\u00e8cle, a travers\u00e9 les \u00e9poques en conservant son charme et son prestige. Son histoire d\u00e9bute avec <\/span><span>Louis de la Mothe<\/span><span>, premier seigneur \u00e0 r\u00e9sider \u00e0 Vandel\u00e9ville apr\u00e8s l\u2019avoir acquis aupr\u00e8s de la famille de Haraucourt.<\/span><\/p>\n<p><span>Le <\/span><span>15 f\u00e9vrier 1723<\/span><span>, le domaine de Vandel\u00e9ville est \u00e9rig\u00e9 en <\/span><span>comt\u00e9<\/span><span>, mais la construction de cette somptueuse demeure ruine son propri\u00e9taire, Philippe De Cardon Vidampierre. Saisi \u00e0 sa mort, le ch\u00e2teau est vendu au <\/span><span>Comte d\u2019Alen\u00e7on<\/span><span>, avant d\u2019\u00eatre plac\u00e9 sous <\/span><span>s\u00e9questre \u00e0 la R\u00e9volution fran\u00e7aise<\/span><span>.<\/span><\/p>\n<p><span>En <\/span><span>1802<\/span><span>, la famille <\/span><span>Olry<\/span><span> de V\u00e9zelise<\/span><span> acquiert la propri\u00e9t\u00e9 et en assure la conservation pendant plus de 150 ans. Une de leurs descendantes \u00e9pouse le <\/span><span>Comte de B\u00e9arn<\/span><span>, dernier propri\u00e9taire avant la cession du ch\u00e2teau aux <\/span><span>PTT en 1958<\/span><span>.<\/span><\/p>\n<p><span>Aujourd\u2019hui, le <\/span><span>Ch\u00e2teau de Vandel\u00e9ville<\/span><span> perp\u00e9tue son h\u00e9ritage \u00e0 travers l\u2019accueil d\u2019\u00e9v\u00e9nements prestigieux, mariant <\/span><span>histoire et \u00e9l\u00e9gance<\/span><span> dans un cadre enchanteur.<\/span><\/p>\n<p>[\/et_pb_text][\/et_pb_column][\/et_pb_row][\/et_pb_section][et_pb_section fb_built=\u00a0\u00bb1&Prime; specialty=\u00a0\u00bbon\u00a0\u00bb padding_top_2=\u00a0\u00bb90px\u00a0\u00bb padding_top_bottom_link_2=\u00a0\u00bbfalse\u00a0\u00bb padding_left_right_link_2=\u00a0\u00bbfalse\u00a0\u00bb padding_2_tablet=\u00a0\u00bb0px||||false|false\u00a0\u00bb padding_2_phone=\u00a0\u00bb0px||||false|false\u00a0\u00bb padding_2_last_edited=\u00a0\u00bbon|desktop\u00a0\u00bb admin_label=\u00a0\u00bbFeatures\u00a0\u00bb _builder_version=\u00a0\u00bb4.20.0&Prime; _module_preset=\u00a0\u00bbdefault\u00a0\u00bb background_color=\u00a0\u00bbgcid-9fa4a1b6-767d-41ca-984c-a6f10449c843&Prime; custom_padding=\u00a0\u00bb9px||17px|||\u00a0\u00bb collapsed=\u00a0\u00bbon\u00a0\u00bb global_colors_info=\u00a0\u00bb{%22gcid-9fa4a1b6-767d-41ca-984c-a6f10449c843%22:%91%22background_color%22%93}\u00a0\u00bb][et_pb_column type=\u00a0\u00bb1_2&Prime; specialty_columns=\u00a0\u00bb2&Prime; _builder_version=\u00a0\u00bb4.16&Prime; _module_preset=\u00a0\u00bbdefault\u00a0\u00bb custom_padding=\u00a0\u00bb|||\u00a0\u00bb global_colors_info=\u00a0\u00bb{}\u00a0\u00bb custom_padding__hover=\u00a0\u00bb|||\u00a0\u00bb][et_pb_row_inner column_structure=\u00a0\u00bb1_2,1_2&Prime; use_custom_gutter=\u00a0\u00bbon\u00a0\u00bb gutter_width=\u00a0\u00bb1&Prime; _builder_version=\u00a0\u00bb4.20.0&Prime; _module_preset=\u00a0\u00bbdefault\u00a0\u00bb global_colors_info=\u00a0\u00bb{}\u00a0\u00bb][et_pb_column_inner type=\u00a0\u00bb1_2&Prime; saved_specialty_column_type=\u00a0\u00bb1_2&Prime; _builder_version=\u00a0\u00bb4.20.0&Prime; _module_preset=\u00a0\u00bbdefault\u00a0\u00bb custom_padding=\u00a0\u00bb60px||||false|false\u00a0\u00bb custom_padding_tablet=\u00a0\u00bb60px||||false|false\u00a0\u00bb custom_padding_phone=\u00a0\u00bb0px||||false|false\u00a0\u00bb custom_padding_last_edited=\u00a0\u00bbon|desktop\u00a0\u00bb global_colors_info=\u00a0\u00bb{}\u00a0\u00bb][et_pb_image src=\u00a0\u00bbhttp:\/\/chateau-vandeleville.com\/wp-content\/uploads\/2025\/04\/histoire-portrait1.jpg\u00a0\u00bb title_text=\u00a0\u00bbhistoire-portrait1&Prime; _builder_version=\u00a0\u00bb4.27.4&Prime; _module_preset=\u00a0\u00bbdefault\u00a0\u00bb global_colors_info=\u00a0\u00bb{}\u00a0\u00bb][\/et_pb_image][\/et_pb_column_inner][et_pb_column_inner type=\u00a0\u00bb1_2&Prime; saved_specialty_column_type=\u00a0\u00bb1_2&Prime; _builder_version=\u00a0\u00bb4.20.0&Prime; _module_preset=\u00a0\u00bbdefault\u00a0\u00bb global_colors_info=\u00a0\u00bb{}\u00a0\u00bb][et_pb_image src=\u00a0\u00bbhttp:\/\/chateau-vandeleville.com\/wp-content\/uploads\/2025\/04\/histoire-portrait2.jpg\u00a0\u00bb title_text=\u00a0\u00bbhistoire-portrait2&Prime; _builder_version=\u00a0\u00bb4.27.4&Prime; _module_preset=\u00a0\u00bbdefault\u00a0\u00bb locked=\u00a0\u00bboff\u00a0\u00bb global_colors_info=\u00a0\u00bb{}\u00a0\u00bb][\/et_pb_image][\/et_pb_column_inner][\/et_pb_row_inner][\/et_pb_column][et_pb_column type=\u00a0\u00bb1_2&Prime; _builder_version=\u00a0\u00bb4.16&Prime; _module_preset=\u00a0\u00bbdefault\u00a0\u00bb custom_padding=\u00a0\u00bb|||\u00a0\u00bb global_colors_info=\u00a0\u00bb{}\u00a0\u00bb custom_padding__hover=\u00a0\u00bb|||\u00a0\u00bb][et_pb_text _builder_version=\u00a0\u00bb4.27.4&Prime; _module_preset=\u00a0\u00bb7f4d8d58-321f-468f-a22b-3ac217b12b69&Prime; header_2_font=\u00a0\u00bb&#8211;et_global_heading_font|||on|||||\u00a0\u00bb global_colors_info=\u00a0\u00bb{%22gcid-11d3dbbb-f6dc-4fb8-929b-9d6994368d00%22:%91%22header_2_text_color%22%93}\u00a0\u00bb]<\/p>\n<h2>PERP\u00c9TUER L&rsquo;H\u00c9RITAGE<\/h2>\n<p>[\/et_pb_text][et_pb_image src=\u00a0\u00bbhttp:\/\/chateau-vandeleville.com\/wp-content\/uploads\/2025\/02\/attorney-1.png\u00a0\u00bb title_text=\u00a0\u00bbattorney-1&Prime; _builder_version=\u00a0\u00bb4.20.0&Prime; _module_preset=\u00a0\u00bbdefault\u00a0\u00bb max_width=\u00a0\u00bb65px\u00a0\u00bb global_colors_info=\u00a0\u00bb{}\u00a0\u00bb][\/et_pb_image][et_pb_text _builder_version=\u00a0\u00bb4.20.0&Prime; _module_preset=\u00a0\u00bb1f74ffb4-fa2b-4512-8e1f-7a4ece80bf65&Prime; text_text_color=\u00a0\u00bb#FFFFFF\u00a0\u00bb global_colors_info=\u00a0\u00bb{}\u00a0\u00bb]<\/p>\n<p><span>Aujourd\u2019hui, le <\/span><span>Ch\u00e2teau de Vandel\u00e9ville<\/span><span> perp\u00e9tue son h\u00e9ritage \u00e0 travers l\u2019accueil d\u2019\u00e9v\u00e9nements prestigieux, mariant <\/span><span>histoire et \u00e9l\u00e9gance<\/span><span> dans un cadre enchanteur.<\/span><\/p>\n<p>[\/et_pb_text][et_pb_blurb title=\u00a0\u00bbVenez d\u00e9couvrir ce lieu charg\u00e9 d\u2019histoire et laissez-vous s\u00e9duire par son atmosph\u00e8re intemporelle\u00a0\u00bb use_icon=\u00a0\u00bbon\u00a0\u00bb font_icon=\u00a0\u00bb&#x4e;||divi||400&Prime; _builder_version=\u00a0\u00bb4.20.0&Prime; _module_preset=\u00a0\u00bb5c273052-f640-42d2-bf4c-693ecf0f47ac\u00a0\u00bb locked=\u00a0\u00bboff\u00a0\u00bb global_colors_info=\u00a0\u00bb{}\u00a0\u00bb][\/et_pb_blurb][\/et_pb_column][\/et_pb_section][et_pb_section fb_built=\u00a0\u00bb1&Prime; admin_label=\u00a0\u00bbTestimonials\u00a0\u00bb _builder_version=\u00a0\u00bb4.20.0&Prime; _module_preset=\u00a0\u00bbdefault\u00a0\u00bb background_color=\u00a0\u00bbgcid-9fa4a1b6-767d-41ca-984c-a6f10449c843&Prime; saved_tabs=\u00a0\u00bball\u00a0\u00bb collapsed=\u00a0\u00bbon\u00a0\u00bb global_colors_info=\u00a0\u00bb{%22gcid-9fa4a1b6-767d-41ca-984c-a6f10449c843%22:%91%22background_color%22%93}\u00a0\u00bb][et_pb_row _builder_version=\u00a0\u00bb4.20.0&Prime; _module_preset=\u00a0\u00bbdefault\u00a0\u00bb global_colors_info=\u00a0\u00bb{}\u00a0\u00bb][et_pb_column type=\u00a0\u00bb4_4&Prime; _builder_version=\u00a0\u00bb4.20.0&Prime; _module_preset=\u00a0\u00bbdefault\u00a0\u00bb global_colors_info=\u00a0\u00bb{}\u00a0\u00bb][et_pb_text _builder_version=\u00a0\u00bb4.27.4&Prime; _module_preset=\u00a0\u00bb7f4d8d58-321f-468f-a22b-3ac217b12b69&Prime; header_2_font=\u00a0\u00bb&#8211;et_global_heading_font|||on|||||\u00a0\u00bb text_orientation=\u00a0\u00bbcenter\u00a0\u00bb global_colors_info=\u00a0\u00bb{%22gcid-11d3dbbb-f6dc-4fb8-929b-9d6994368d00%22:%91%22header_2_text_color%22%93}\u00a0\u00bb]<\/p>\n<h2>Commentaires<\/h2>\n<p>[\/et_pb_text][\/et_pb_column][\/et_pb_row][et_pb_row column_structure=\u00a0\u00bb1_3,1_3,1_3&Prime; _builder_version=\u00a0\u00bb4.20.0&Prime; _module_preset=\u00a0\u00bbdefault\u00a0\u00bb global_colors_info=\u00a0\u00bb{}\u00a0\u00bb][et_pb_column type=\u00a0\u00bb1_3&Prime; _builder_version=\u00a0\u00bb4.20.0&Prime; _module_preset=\u00a0\u00bbdefault\u00a0\u00bb global_colors_info=\u00a0\u00bb{}\u00a0\u00bb][et_pb_text _builder_version=\u00a0\u00bb4.20.0&Prime; _module_preset=\u00a0\u00bb1c4bb16e-ac7b-4bf4-8cb5-dc5145d5a39c\u00a0\u00bb header_5_text_color=\u00a0\u00bbgcid-11d3dbbb-f6dc-4fb8-929b-9d6994368d00&Prime; custom_margin=\u00a0\u00bb||10px||false|false\u00a0\u00bb global_colors_info=\u00a0\u00bb{%22gcid-11d3dbbb-f6dc-4fb8-929b-9d6994368d00%22:%91%22header_5_text_color%22%93}\u00a0\u00bb]<\/p>\n<h5>\u2605\u2605\u2605\u2605\u2605<\/h5>\n<p>[\/et_pb_text][et_pb_text _builder_version=\u00a0\u00bb4.27.4&Prime; _module_preset=\u00a0\u00bb1c4bb16e-ac7b-4bf4-8cb5-dc5145d5a39c\u00a0\u00bb header_5_text_color=\u00a0\u00bb#FFFFFF\u00a0\u00bb global_colors_info=\u00a0\u00bb{}\u00a0\u00bb]<\/p>\n<h5>\u00ab\u00a0Superbe. Lieux charg\u00e9s d&rsquo;histoire, paisible. Encore merci pour cette parenth\u00e8se rare.<br \/>Cyril\u00a0\u00bb<\/h5>\n<p>[\/et_pb_text][\/et_pb_column][et_pb_column type=\u00a0\u00bb1_3&Prime; _builder_version=\u00a0\u00bb4.20.0&Prime; _module_preset=\u00a0\u00bbdefault\u00a0\u00bb global_colors_info=\u00a0\u00bb{}\u00a0\u00bb][et_pb_text _builder_version=\u00a0\u00bb4.20.0&Prime; _module_preset=\u00a0\u00bb1c4bb16e-ac7b-4bf4-8cb5-dc5145d5a39c\u00a0\u00bb header_5_text_color=\u00a0\u00bbgcid-11d3dbbb-f6dc-4fb8-929b-9d6994368d00&Prime; custom_margin=\u00a0\u00bb||10px||false|false\u00a0\u00bb global_colors_info=\u00a0\u00bb{%22gcid-11d3dbbb-f6dc-4fb8-929b-9d6994368d00%22:%91%22header_5_text_color%22%93}\u00a0\u00bb]<\/p>\n<h5>\u2605\u2605\u2605\u2605\u2605<\/h5>\n<p>[\/et_pb_text][et_pb_text _builder_version=\u00a0\u00bb4.27.4&Prime; _module_preset=\u00a0\u00bb1c4bb16e-ac7b-4bf4-8cb5-dc5145d5a39c\u00a0\u00bb header_5_text_color=\u00a0\u00bb#FFFFFF\u00a0\u00bb global_colors_info=\u00a0\u00bb{}\u00a0\u00bb]<\/p>\n<h5>\u00ab\u00a0Magnifique.<br \/>Clo\u00e9\u00a0\u00bb<\/h5>\n<p>[\/et_pb_text][\/et_pb_column][et_pb_column type=\u00a0\u00bb1_3&Prime; _builder_version=\u00a0\u00bb4.20.0&Prime; _module_preset=\u00a0\u00bbdefault\u00a0\u00bb global_colors_info=\u00a0\u00bb{}\u00a0\u00bb][et_pb_text _builder_version=\u00a0\u00bb4.20.0&Prime; _module_preset=\u00a0\u00bb1c4bb16e-ac7b-4bf4-8cb5-dc5145d5a39c\u00a0\u00bb header_5_text_color=\u00a0\u00bbgcid-11d3dbbb-f6dc-4fb8-929b-9d6994368d00&Prime; custom_margin=\u00a0\u00bb||10px||false|false\u00a0\u00bb global_colors_info=\u00a0\u00bb{%22gcid-11d3dbbb-f6dc-4fb8-929b-9d6994368d00%22:%91%22header_5_text_color%22%93}\u00a0\u00bb]<\/p>\n<h5>\u2605\u2605\u2605\u2605\u2605<\/h5>\n<p>[\/et_pb_text][et_pb_text _builder_version=\u00a0\u00bb4.27.4&Prime; _module_preset=\u00a0\u00bb1c4bb16e-ac7b-4bf4-8cb5-dc5145d5a39c\u00a0\u00bb header_5_text_color=\u00a0\u00bb#FFFFFF\u00a0\u00bb global_colors_info=\u00a0\u00bb{}\u00a0\u00bb]<\/p>\n<h5>\u00ab\u00a0Splendide.<br \/>Charlotte\u00a0\u00bb<\/h5>\n<p>[\/et_pb_text][\/et_pb_column][\/et_pb_row][\/et_pb_section]<\/p>\n","protected":false},"excerpt":{"rendered":"<p>Un h\u00e9ritage historique au coeur de la LorraineJoyau du XVIIIeLe Ch\u00e2teau de Vandel\u00e9ville, joyau de Meurthe-et-Moselle du XVIII\u1d49 si\u00e8cle, a travers\u00e9 les \u00e9poques en conservant son charme et son prestige. Son histoire d\u00e9bute avec Louis de la Mothe, premier seigneur \u00e0 r\u00e9sider \u00e0 Vandel\u00e9ville apr\u00e8s l\u2019avoir acquis aupr\u00e8s de la famille de Haraucourt. Le 15 [&hellip;]<\/p>\n","protected":false},"author":1,"featured_media":0,"parent":0,"menu_order":0,"comment_status":"closed","ping_status":"closed","template":"","meta":{"_et_pb_use_builder":"on","_et_pb_old_content":"","_et_gb_content_width":"","footnotes":""},"class_list":["post-151","page","type-page","status-publish","hentry"],"_links":{"self":[{"href":"https:\/\/chateau-vandeleville.com\/index.php?rest_route=\/wp\/v2\/pages\/151","targetHints":{"allow":["GET"]}}],"collection":[{"href":"https:\/\/chateau-vandeleville.com\/index.php?rest_route=\/wp\/v2\/pages"}],"about":[{"href":"https:\/\/chateau-vandeleville.com\/index.php?rest_route=\/wp\/v2\/types\/page"}],"author":[{"embeddable":true,"href":"https:\/\/chateau-vandeleville.com\/index.php?rest_route=\/wp\/v2\/users\/1"}],"replies":[{"embeddable":true,"href":"https:\/\/chateau-vandeleville.com\/index.php?rest_route=%2Fwp%2Fv2%2Fcomments&post=151"}],"version-history":[{"count":19,"href":"https:\/\/chateau-vandeleville.com\/index.php?rest_route=\/wp\/v2\/pages\/151\/revisions"}],"predecessor-version":[{"id":1078,"href":"https:\/\/chateau-vandeleville.com\/index.php?rest_route=\/wp\/v2\/pages\/151\/revisions\/1078"}],"wp:attachment":[{"href":"https:\/\/chateau-vandeleville.com\/index.php?rest_route=%2Fwp%2Fv2%2Fmedia&parent=151"}],"curies":[{"name":"wp","href":"https:\/\/api.w.org\/{rel}","templated":true}]}}